{"id":41122,"date":"2022-04-28T16:31:24","date_gmt":"2022-04-28T15:31:24","guid":{"rendered":"https:\/\/arquiconsult.com\/?page_id=41122"},"modified":"2025-12-02T15:43:57","modified_gmt":"2025-12-02T15:43:57","slug":"navitrans-clientes","status":"publish","type":"page","link":"https:\/\/arquiconsult.com\/pt-br\/navitrans-clientes\/","title":{"rendered":"Navitrans Clientes"},"content":{"rendered":"<!--themify_builder_content-->\n<div id=\"themify_builder_content-41122\" data-postid=\"41122\" class=\"themify_builder_content themify_builder_content-41122 themify_builder tf_clear\">\n    \t<!-- module_row -->\n\t<div  data-css_id=\"0uvp571\" data-lazy=\"1\" class=\"module_row themify_builder_row fullcover fullwidth tb_0uvp571 tb_first tf_clearfix wow\" data-tf-animation=\"pulse\" >\n\t    \t\t<div class=\"row_inner col_align_top col-count-1 tf_box tf_w tf_rel\">\n\t\t\t<div  data-lazy=\"1\" class=\"module_column tb-column col-full first tb_avj7571 tf_box\">\n\t\t\t    \t        <div class=\"tb-column-inner tf_box tf_w\">\n\t\t    <!-- module text -->\n<div  class=\"module module-text tb_pt8b572  repeat \" data-lazy=\"1\">\n        <div  class=\"tb_text_wrap\">\n    <h2>CONHE\u00c7A OS NOSSOS CLIENTES<\/h2>    <\/div>\n<\/div>\n<!-- \/module text --><!-- module text -->\n<div  class=\"module module-text tb_5z0g572  repeat \" data-lazy=\"1\">\n        <div  class=\"tb_text_wrap\">\n    <p style=\"text-align: center;\"><strong>A solu\u00e7\u00e3o ERP para empresas fornecedoras de Servi\u00e7os Log\u00edsticos,<br> transporte de mercadorias, distribui\u00e7\u00e3o, tr\u00e2nsitos, armazenagem ou mesmo a oferta de v\u00e1rios destes servi\u00e7os de forma integrada.<\/strong><\/p>\n<p style=\"text-align: center;\">Trabalhamos de perto com a nossa rede de refer\u00eancia, para crescer com as solu\u00e7\u00f5es que implementamos.<\/p>\n    <\/div>\n<\/div>\n<!-- \/module text --><!-- module image -->\n<div  class=\"module module-image tb_ff2t572   image-top tf_mw\" data-lazy=\"1\">\n        <div class=\"image-wrap tf_rel tf_mw\">\n\t\t    <img loading=\"lazy\" src=\"https:\/\/arquiconsult.com\/wp-content\/uploads\/2023\/01\/Navitrans-logo-1-200x53.png\" width=\"200\" height=\"53\" class=\"wp-post-image wp-image-48286\" title=\"Navitrans-new_logo\" alt=\"Navitrans-new_logo\" srcset=\"https:\/\/arquiconsult.com\/wp-content\/uploads\/2023\/01\/Navitrans-logo-1-200x53.png 200w, https:\/\/arquiconsult.com\/wp-content\/uploads\/2023\/01\/Navitrans-logo-1-320x85.png 320w, https:\/\/arquiconsult.com\/wp-content\/uploads\/2023\/01\/Navitrans-logo-1-480x128.png 480w, https:\/\/arquiconsult.com\/wp-content\/uploads\/2023\/01\/Navitrans-logo-1-250x66.png 250w, https:\/\/arquiconsult.com\/wp-content\/uploads\/2023\/01\/Navitrans-logo-1-300x80.png 300w, https:\/\/arquiconsult.com\/wp-content\/uploads\/2023\/01\/Navitrans-logo-1.png 629w\" sizes=\"(max-width: 200px) 100vw, 200px\" \/>\t\n\t\t<\/div>\n\t<!-- \/image-wrap -->\n    \n    \t<\/div>\n<!-- \/module image -->\t        <\/div>\n\t    \t<\/div>\n\t\t    <\/div>\n\t    <!-- \/row_inner -->\n\t<\/div>\n\t<!-- \/module_row -->\n\t\t<!-- module_row -->\n\t<div  data-css_id=\"xu52941\" data-lazy=\"1\" class=\"module_row themify_builder_row repeat fullwidth_row_container tb_xu52941 tf_clearfix\" >\n\t    \t\t<div class=\"row_inner col_align_top col-count-1 tf_box tf_w tf_rel\">\n\t\t\t<div  data-lazy=\"1\" class=\"module_column tb-column col-full first tb_88od942 tf_box\">\n\t\t\t    \t        <div class=\"tb-column-inner tf_box tf_w\">\n\t\t    \t<div  data-lazy=\"1\" class=\"module_subrow themify_builder_sub_row tb_u4b2942 tf_w tf_clearfix\">\n\t    \t\t<div class=\"subrow_inner col_align_top gutter-narrow col-count-3 tf_box tf_w\"  data-basecol=\"3\" data-col_mobile=\"column-full\">\n\t\t\t<div  data-lazy=\"1\" class=\"sub_column module_column tf_box col3-1 first tb_09ws942\" > \n\t    \t    \t        <div class=\"tb-column-inner tf_box tf_w\">\n\t\t    <!-- module image -->\n<div  class=\"module module-image tb_4ly3840   image-center tf_mw\" data-lazy=\"1\">\n        <div class=\"image-wrap tf_rel tf_mw\">\n\t\t    <img loading=\"lazy\" src=\"https:\/\/arquiconsult.com\/wp-content\/uploads\/2022\/04\/Klog_logo_home-4-350x269.png\" width=\"350\" height=\"269\" class=\"wp-post-image wp-image-41181\" title=\"Klog_logo_home\" alt=\"Klog_logo_home\" srcset=\"https:\/\/arquiconsult.com\/wp-content\/uploads\/2022\/04\/Klog_logo_home-4-350x269.png 350w, https:\/\/arquiconsult.com\/wp-content\/uploads\/2022\/04\/Klog_logo_home-4-260x200.png 260w, https:\/\/arquiconsult.com\/wp-content\/uploads\/2022\/04\/Klog_logo_home-4-50x38.png 50w, https:\/\/arquiconsult.com\/wp-content\/uploads\/2022\/04\/Klog_logo_home-4-250x192.png 250w, https:\/\/arquiconsult.com\/wp-content\/uploads\/2022\/04\/Klog_logo_home-4-280x215.png 280w, https:\/\/arquiconsult.com\/wp-content\/uploads\/2022\/04\/Klog_logo_home-4.png 208w\" sizes=\"(max-width: 350px) 100vw, 350px\" \/>\t\n\t\t<\/div>\n\t<!-- \/image-wrap -->\n    \n    \t<\/div>\n<!-- \/module image --><!-- module text -->\n<div  class=\"module module-text tb_n7bj840  repeat \" data-lazy=\"1\">\n        <div  class=\"tb_text_wrap\">\n    <p style=\"text-align: center;\"><strong>Klog &#8211; Jorge Cernadas, <br \/><\/strong><strong>Diretor Financeiro<\/strong><\/p>    <\/div>\n<\/div>\n<!-- \/module text --><!-- module text -->\n<div  class=\"module module-text tb_zkh3840  repeat \" data-lazy=\"1\">\n        <div  class=\"tb_text_wrap\">\n    <p style=\"text-align: center;\">Quem j\u00e1 passou por um processo de implementa\u00e7\u00e3o de ERP sabe que pode ser um processo complicado e com bastantes entraves por v\u00e1rios motivos, e a verdade \u00e9 que ao fim de tr\u00eas meses, p\u00f3s Go Live n\u00e3o temos tido nenhum percal\u00e7o, temos cumprido os timings e o projeto ficou dentro do or\u00e7amento, que no que me diz respeito tamb\u00e9m \u00e9 uma parte importante. Demonstra de facto que o projeto foi bem estruturado e acho que \u00e9 o melhor elogio que podemos fazer a um parceiro, neste tipo de projetos.<\/p>    <\/div>\n<\/div>\n<!-- \/module text -->\t        <\/div>\n\t    \t<\/div>\n\t\t<div  data-lazy=\"1\" class=\"sub_column module_column tf_box col3-1 middle tb_p089942 repeat\" > \n\t    \t    \t        <div class=\"tb-column-inner tf_box tf_w\">\n\t\t    <!-- module image -->\n<div  class=\"module module-image tb_y2rr841   image-center tf_mw\" data-lazy=\"1\">\n        <div class=\"image-wrap tf_rel tf_mw\">\n\t\t    <img loading=\"lazy\" src=\"https:\/\/arquiconsult.com\/wp-content\/uploads\/2022\/05\/etaf-logo-350x350.png\" width=\"350\" height=\"350\" class=\"wp-post-image wp-image-41409\" title=\"etaf logo\" alt=\"etaf logo\" srcset=\"https:\/\/arquiconsult.com\/wp-content\/uploads\/2022\/05\/etaf-logo-350x350.png 350w, https:\/\/arquiconsult.com\/wp-content\/uploads\/2022\/05\/etaf-logo-50x50.png 50w, https:\/\/arquiconsult.com\/wp-content\/uploads\/2022\/05\/etaf-logo-250x250.png 250w, https:\/\/arquiconsult.com\/wp-content\/uploads\/2022\/05\/etaf-logo.png 200w\" sizes=\"(max-width: 350px) 100vw, 350px\" \/>\t\n\t\t<\/div>\n\t<!-- \/image-wrap -->\n    \n    \t<\/div>\n<!-- \/module image --><!-- module text -->\n<div  class=\"module module-text tb_qbi9841  repeat \" data-lazy=\"1\">\n        <div  class=\"tb_text_wrap\">\n    <p style=\"text-align: center;\"><strong>ETAF \u2013 Transportes \u00c1lvaro de Figueiredo, S.A, <\/strong><strong>Joaquim Tavares, Administrador<\/strong><\/p>    <\/div>\n<\/div>\n<!-- \/module text --><!-- module text -->\n<div  class=\"module module-text tb_vqlp841  repeat \" data-lazy=\"1\">\n        <div  class=\"tb_text_wrap\">\n    <p style=\"text-align: center;\">Implement\u00e1mos o Navitrans em 2009 na \u00e1rea Operacional e Financeira, tendo mantido uma rela\u00e7\u00e3o de Parceria caraterizada pela confian\u00e7a m\u00fatua, mas, acima de tudo, pela certeza de estarmos acompanhados quanto \u00e0 evolu\u00e7\u00e3o das nossas necessidades. Reconhecemos o potencial desta solu\u00e7\u00e3o e da capacidade de resposta da Arquiconsult que nos permite o desenvolvimento nesta \u00e1rea que \u00e9 estrat\u00e9gica para o crescimento do nosso neg\u00f3cio. Certamente continuaremos a apostar nesta <br \/>solu\u00e7\u00e3o e nesta Parceria.<\/p>    <\/div>\n<\/div>\n<!-- \/module text -->\t        <\/div>\n\t    \t<\/div>\n\t\t<div  data-lazy=\"1\" class=\"sub_column module_column tf_box col3-1 last tb_twmj943 repeat\" > \n\t    \t    \t        <div class=\"tb-column-inner tf_box tf_w\">\n\t\t    <!-- module image -->\n<div  class=\"module module-image tb_rwqt965   image-center tf_mw\" data-lazy=\"1\">\n        <div class=\"image-wrap tf_rel tf_mw\">\n\t\t    <img loading=\"lazy\" src=\"https:\/\/arquiconsult.com\/wp-content\/uploads\/2022\/05\/200306-GrupoSousa-logo-Azul-250x275.png\" width=\"250\" height=\"275\" class=\"wp-post-image wp-image-41635\" title=\"200306-GrupoSousa-logo-Azul\" alt=\"200306-GrupoSousa-logo-Azul\" srcset=\"https:\/\/arquiconsult.com\/wp-content\/uploads\/2022\/05\/200306-GrupoSousa-logo-Azul-250x275.png 250w, https:\/\/arquiconsult.com\/wp-content\/uploads\/2022\/05\/200306-GrupoSousa-logo-Azul-436x480.png 436w, https:\/\/arquiconsult.com\/wp-content\/uploads\/2022\/05\/200306-GrupoSousa-logo-Azul-768x846.png 768w, https:\/\/arquiconsult.com\/wp-content\/uploads\/2022\/05\/200306-GrupoSousa-logo-Azul.png 900w\" sizes=\"(max-width: 250px) 100vw, 250px\" \/>\t\n\t\t<\/div>\n\t<!-- \/image-wrap -->\n    \n    \t<\/div>\n<!-- \/module image --><!-- module text -->\n<div  class=\"module module-text tb_4hc0966  repeat \" data-lazy=\"1\">\n        <div  class=\"tb_text_wrap\">\n    <p style=\"text-align: center;\"><strong>Grupo Sousa &#8211; S\u00e9rgio Matos,<\/strong><br><strong>Administrador Director<\/strong><\/p>    <\/div>\n<\/div>\n<!-- \/module text --><!-- module text -->\n<div  class=\"module module-text tb_0zcx966  repeat \" data-lazy=\"1\">\n        <div  class=\"tb_text_wrap\">\n    <p style=\"text-align: center;\">A Implementa\u00e7\u00e3o do Navitrans na nossa opera\u00e7\u00e3o permitiu-nos obter melhor informa\u00e7\u00e3o e maior produtividade, traduzindo-se numa vantagem competitiva face aos desafios que o nosso setor apresenta. Encontramos na Arquiconsult o parceiro ideal, pela rela\u00e7\u00e3o pr\u00f3xima e de confian\u00e7a, pelo conhecimento do nosso neg\u00f3cio, pela sua disponibilidade e pela compet\u00eancia demonstrada.<\/p>    <\/div>\n<\/div>\n<!-- \/module text -->\t        <\/div>\n\t    \t<\/div>\n\t\t    <\/div>\n\t<\/div><!-- \/themify_builder_sub_row -->\n\t\t        <\/div>\n\t    \t<\/div>\n\t\t    <\/div>\n\t    <!-- \/row_inner -->\n\t<\/div>\n\t<!-- \/module_row -->\n\t\t<!-- module_row -->\n\t<div  data-css_id=\"7uwi854\" data-lazy=\"1\" class=\"module_row themify_builder_row repeat fullwidth_row_container tb_7uwi854 tf_clearfix\" >\n\t    \t\t<div class=\"row_inner col_align_top col-count-1 tf_box tf_w tf_rel\">\n\t\t\t<div  data-lazy=\"1\" class=\"module_column tb-column col-full first tb_59la854 tf_box\">\n\t\t\t    \t        <div class=\"tb-column-inner tf_box tf_w\">\n\t\t    \t<div  data-lazy=\"1\" class=\"module_subrow themify_builder_sub_row tb_1lx3854 tf_w tf_clearfix\">\n\t    \t\t<div class=\"subrow_inner col_align_top gutter-narrow col-count-3 tf_box tf_w\"  data-basecol=\"3\" data-col_mobile=\"column-full\">\n\t\t\t<div  data-lazy=\"1\" class=\"sub_column module_column tf_box col3-1 first tb_kbmb854\" > \n\t    \t    \t        <div class=\"tb-column-inner tf_box tf_w\">\n\t\t    <!-- module image -->\n<div  class=\"module module-image tb_ix7u347   image-center tf_mw\" data-lazy=\"1\">\n        <div class=\"image-wrap tf_rel tf_mw\">\n\t\t    <img loading=\"lazy\" src=\"https:\/\/arquiconsult.com\/wp-content\/uploads\/2022\/05\/tcp-logo-250x53.png\" width=\"250\" height=\"53\" class=\"wp-post-image wp-image-41418\" title=\"tcp logo\" alt=\"tcp logo\" srcset=\"https:\/\/arquiconsult.com\/wp-content\/uploads\/2022\/05\/tcp-logo-250x53.png 250w, https:\/\/arquiconsult.com\/wp-content\/uploads\/2022\/05\/tcp-logo-50x10.png 50w, https:\/\/arquiconsult.com\/wp-content\/uploads\/2022\/05\/tcp-logo.png 471w\" sizes=\"(max-width: 250px) 100vw, 250px\" \/>\t\n\t\t<\/div>\n\t<!-- \/image-wrap -->\n    \n    \t<\/div>\n<!-- \/module image --><!-- module text -->\n<div  class=\"module module-text tb_v4o0575  repeat \" data-lazy=\"1\">\n        <div  class=\"tb_text_wrap\">\n    <p style=\"text-align: center;\"><strong>TCP &#8211; Transportes Central Pombalense, Gumerzindo Ant\u00f3nio, Administrador<\/strong><\/p>    <\/div>\n<\/div>\n<!-- \/module text --><!-- module text -->\n<div  class=\"module module-text tb_0y1s575  repeat \" data-lazy=\"1\">\n        <div  class=\"tb_text_wrap\">\n    <p style=\"text-align: center;\">As mais-valias que a solu\u00e7\u00e3o Navitrans trouxe \u00e0 opera\u00e7\u00e3o da Transportes Central Pombalense foram sobretudo a centraliza\u00e7\u00e3o dos servi\u00e7os de transporte e log\u00edstica dos v\u00e1rios departamentos, maior facilidade e rapidez nos processos de fatura\u00e7\u00e3o, integra\u00e7\u00e3o de tarif\u00e1rios autom\u00e1ticos e controlo e monotoriza\u00e7\u00e3o dos servi\u00e7os e dos custos nos processos de transporte. (&#8230;)<\/p>    <\/div>\n<\/div>\n<!-- \/module text -->\t        <\/div>\n\t    \t<\/div>\n\t\t<div  data-lazy=\"1\" class=\"sub_column module_column tf_box col3-1 middle tb_o7ot854 repeat\" > \n\t    \t    \t        <div class=\"tb-column-inner tf_box tf_w\">\n\t\t    <!-- module image -->\n<div  class=\"module module-image tb_9w7o119   image-center tf_mw\" data-lazy=\"1\">\n        <div class=\"image-wrap tf_rel tf_mw\">\n\t\t    <img loading=\"lazy\" src=\"https:\/\/arquiconsult.com\/wp-content\/uploads\/2021\/11\/TFS-Navitrans-Logo-250x181.png\" width=\"250\" height=\"181\" class=\"wp-post-image wp-image-27682\" title=\"TFS-Navitrans-Logo\" alt=\"TFS-Navitrans-Logo\" srcset=\"https:\/\/arquiconsult.com\/wp-content\/uploads\/2021\/11\/TFS-Navitrans-Logo-250x181.png 250w, https:\/\/arquiconsult.com\/wp-content\/uploads\/2021\/11\/TFS-Navitrans-Logo-640x464.png 640w, https:\/\/arquiconsult.com\/wp-content\/uploads\/2021\/11\/TFS-Navitrans-Logo-768x557.png 768w, https:\/\/arquiconsult.com\/wp-content\/uploads\/2021\/11\/TFS-Navitrans-Logo-275x200.png 275w, https:\/\/arquiconsult.com\/wp-content\/uploads\/2021\/11\/TFS-Navitrans-Logo-50x36.png 50w, https:\/\/arquiconsult.com\/wp-content\/uploads\/2021\/11\/TFS-Navitrans-Logo.png 904w\" sizes=\"(max-width: 250px) 100vw, 250px\" \/>\t\n\t\t<\/div>\n\t<!-- \/image-wrap -->\n    \n    \t<\/div>\n<!-- \/module image --><!-- module text -->\n<div  class=\"module module-text tb_kmzd88  repeat \" data-lazy=\"1\">\n        <div  class=\"tb_text_wrap\">\n    <p style=\"text-align: center;\"><strong>TFS &#8211; Transportes Flor\u00eancio e Silva,<\/strong><br><strong>Nelson Lopes, Dir. de Log\u00edstica<\/strong><\/p>    <\/div>\n<\/div>\n<!-- \/module text --><!-- module text -->\n<div  class=\"module module-text tb_6xl7639  repeat \" data-lazy=\"1\">\n        <div  class=\"tb_text_wrap\">\n    <p style=\"text-align: center;\">O Navitrans WMS trouxe \u00e0 opera\u00e7\u00e3o de Log\u00edstica da TFS maiores ganhos de produtividade, e ao mesmo tempo deu-nos a capacidade para monitorizarmos todas as atividades em tempo real. O objetivo era garantir lead times r\u00e1pidas, entre o pedido e a entrega. Este foi sempre um objetivo bastante ambicioso, que s\u00f3 poderia ser alcan\u00e7ado com um sistema moderno de WMS, como o Navitrans WMS (Warehouse Management System).<\/p>    <\/div>\n<\/div>\n<!-- \/module text -->\t        <\/div>\n\t    \t<\/div>\n\t\t<div  data-lazy=\"1\" class=\"sub_column module_column tf_box col3-1 last tb_wd4r855 repeat\" > \n\t    \t    \t        <div class=\"tb-column-inner tf_box tf_w\">\n\t\t    <!-- module image -->\n<div  class=\"module module-image tb_ajzp636   image-center tf_mw\" data-lazy=\"1\">\n        <div class=\"image-wrap tf_rel tf_mw\">\n\t\t    <img loading=\"lazy\" src=\"https:\/\/arquiconsult.com\/wp-content\/uploads\/2022\/05\/logo-silvestre-e-silva-250x58.png\" width=\"250\" height=\"58\" class=\"wp-post-image wp-image-41415\" title=\"logo-silvestre e silva\" alt=\"logo-silvestre e silva\" srcset=\"https:\/\/arquiconsult.com\/wp-content\/uploads\/2022\/05\/logo-silvestre-e-silva-250x58.png 250w, https:\/\/arquiconsult.com\/wp-content\/uploads\/2022\/05\/logo-silvestre-e-silva-640x149.png 640w, https:\/\/arquiconsult.com\/wp-content\/uploads\/2022\/05\/logo-silvestre-e-silva-768x178.png 768w, https:\/\/arquiconsult.com\/wp-content\/uploads\/2022\/05\/logo-silvestre-e-silva-50x11.png 50w, https:\/\/arquiconsult.com\/wp-content\/uploads\/2022\/05\/logo-silvestre-e-silva.png 981w\" sizes=\"(max-width: 250px) 100vw, 250px\" \/>\t\n\t\t<\/div>\n\t<!-- \/image-wrap -->\n    \n    \t<\/div>\n<!-- \/module image --><!-- module text -->\n<div  class=\"module module-text tb_wdkf575  repeat \" data-lazy=\"1\">\n        <div  class=\"tb_text_wrap\">\n    <p style=\"text-align: center;\"><strong>Grupo Silvestre e Silva &#8211; Carlos Silvestre, administrador<\/strong><\/p>    <\/div>\n<\/div>\n<!-- \/module text --><!-- module text -->\n<div  class=\"module module-text tb_q9cm575  repeat \" data-lazy=\"1\">\n        <div  class=\"tb_text_wrap\">\n    <p style=\"text-align: center;\">Julgamos que as mais-valias da solu\u00e7\u00e3o Navitrans s\u00e3o a sua abrang\u00eancia ao incluir n\u00e3o s\u00f3 a vertente de Transportes, mas tamb\u00e9m a de Transit\u00e1rios, assim como a sua completa integra\u00e7\u00e3o no Microsoft Dynamics NAV. Assim, a implementa\u00e7\u00e3o desta solu\u00e7\u00e3o na nossa organiza\u00e7\u00e3o levou a uma maior efici\u00eancia na gest\u00e3o dos processos.<\/p>    <\/div>\n<\/div>\n<!-- \/module text -->\t        <\/div>\n\t    \t<\/div>\n\t\t    <\/div>\n\t<\/div><!-- \/themify_builder_sub_row -->\n\t\t        <\/div>\n\t    \t<\/div>\n\t\t    <\/div>\n\t    <!-- \/row_inner -->\n\t<\/div>\n\t<!-- \/module_row -->\n\t\t<!-- module_row -->\n\t<div  data-css_id=\"b85i574\" data-lazy=\"1\" class=\"module_row themify_builder_row repeat fullwidth_row_container tb_b85i574 tf_clearfix\" >\n\t    \t\t<div class=\"row_inner col_align_top col-count-1 tf_box tf_w tf_rel\">\n\t\t\t<div  data-lazy=\"1\" class=\"module_column tb-column col-full first tb_3ozt575 tf_box\">\n\t\t\t    \t        <div class=\"tb-column-inner tf_box tf_w\">\n\t\t    \t<div  data-lazy=\"1\" class=\"module_subrow themify_builder_sub_row tb_xmjs575 tf_w tf_clearfix\">\n\t    \t\t<div class=\"subrow_inner col_align_top gutter-narrow col-count-3 tf_box tf_w\"  data-basecol=\"3\" data-col_mobile=\"column-full\">\n\t\t\t<div  data-lazy=\"1\" class=\"sub_column module_column tf_box col3-1 first tb_5b9t575\" > \n\t    \t    \t        <div class=\"tb-column-inner tf_box tf_w\">\n\t\t    <!-- module image -->\n<div  class=\"module module-image tb_fz1e984   image-center tf_mw\" data-lazy=\"1\">\n        <div class=\"image-wrap tf_rel tf_mw\">\n\t\t    <img loading=\"lazy\" src=\"https:\/\/arquiconsult.com\/wp-content\/uploads\/2022\/05\/tja-logo-250x250.png\" width=\"250\" height=\"250\" class=\"wp-post-image wp-image-41619\" title=\"tja logo\" alt=\"tja logo\" srcset=\"https:\/\/arquiconsult.com\/wp-content\/uploads\/2022\/05\/tja-logo-250x250.png 250w, https:\/\/arquiconsult.com\/wp-content\/uploads\/2022\/05\/tja-logo.png 200w\" sizes=\"(max-width: 250px) 100vw, 250px\" \/>\t\n\t\t<\/div>\n\t<!-- \/image-wrap -->\n    \n    \t<\/div>\n<!-- \/module image --><!-- module text -->\n<div  class=\"module module-text tb_swmk984  repeat \" data-lazy=\"1\">\n        <div  class=\"tb_text_wrap\">\n    <p style=\"text-align: center;\"><strong>TJA &#8211; Sandra Amador, Directora Financeira<\/strong><\/p>    <\/div>\n<\/div>\n<!-- \/module text --><!-- module text -->\n<div  class=\"module module-text tb_vhs3984  repeat \" data-lazy=\"1\">\n        <div  class=\"tb_text_wrap\">\n    <p style=\"text-align: center;\">A TJA escolheu o Navitrans h\u00e1 j\u00e1 10 anos. Era a solu\u00e7\u00e3o de transportes que mais se adequava e mais desenvolvida do mercado. Navitrans \u00e9 um aglomerador de informa\u00e7\u00e3o e podemos ter a informa\u00e7\u00e3o integrada de todas as \u00e1reas transversais \u00e0 organiza\u00e7\u00e3o. Conseguimos melhorar processos porque a informa\u00e7\u00e3o est\u00e1 mais organizada, possibilitando melhorar a nossa resposta ao cliente. E \u00e9 pelo facto do Navitrans conseguir acompanhar a nossa evolu\u00e7\u00e3o, cumprindo os nossos requisitos que continuamos com a solu\u00e7\u00e3o.<\/p>    <\/div>\n<\/div>\n<!-- \/module text -->\t        <\/div>\n\t    \t<\/div>\n\t\t<div  data-lazy=\"1\" class=\"sub_column module_column tf_box col3-1 middle tb_dupp576 repeat\" > \n\t    \t    \t        <div class=\"tb-column-inner tf_box tf_w\">\n\t\t    <!-- module image -->\n<div  class=\"module module-image tb_9xr5127   image-center tf_mw\" data-lazy=\"1\">\n        <div class=\"image-wrap tf_rel tf_mw\">\n\t\t    <img loading=\"lazy\" src=\"https:\/\/arquiconsult.com\/wp-content\/uploads\/2022\/05\/tms-logo-250x234.png\" width=\"250\" height=\"234\" class=\"wp-post-image wp-image-41412\" title=\"tms logo\" alt=\"tms logo\" srcset=\"https:\/\/arquiconsult.com\/wp-content\/uploads\/2022\/05\/tms-logo-250x234.png 250w, https:\/\/arquiconsult.com\/wp-content\/uploads\/2022\/05\/tms-logo-50x46.png 50w, https:\/\/arquiconsult.com\/wp-content\/uploads\/2022\/05\/tms-logo.png 115w\" sizes=\"(max-width: 250px) 100vw, 250px\" \/>\t\n\t\t<\/div>\n\t<!-- \/image-wrap -->\n    \n    \t<\/div>\n<!-- \/module image --><!-- module text -->\n<div  class=\"module module-text tb_tqc4127  repeat \" data-lazy=\"1\">\n        <div  class=\"tb_text_wrap\">\n    <p style=\"text-align: center;\"><strong>TMS &#8211; Henrique Martins, Administrador<\/strong><\/p>    <\/div>\n<\/div>\n<!-- \/module text --><!-- module text -->\n<div  class=\"module module-text tb_qj85127  repeat \" data-lazy=\"1\">\n        <div  class=\"tb_text_wrap\">\n    <p style=\"text-align: center;\">Com o Navitrans, a TMS ganhou <br \/>maior controlo sobre a opera\u00e7\u00e3o, <br \/>na medida em que permite a sistematiza\u00e7\u00e3o da informa\u00e7\u00e3o com maior rigor, acessibilidade e transpar\u00eancia. De um modo f\u00e1cil e direto reflete com exatid\u00e3o a realidade das opera\u00e7\u00f5es, quer no momento atual quer no hist\u00f3rico. Este controlo e rigor reflete-se em produtividade e na entrega de um servi\u00e7o de maior qualidade aos nossos clientes. <br \/>Em poucas palavras o Navitrans <br \/>trouxe-nos sistematiza\u00e7\u00e3o, <br \/>controlo, disponibilidade, <br \/>qualidade e produtividade.<\/p>    <\/div>\n<\/div>\n<!-- \/module text -->\t        <\/div>\n\t    \t<\/div>\n\t\t<div  data-lazy=\"1\" class=\"sub_column module_column tf_box col3-1 last tb_dsmf576 repeat\" > \n\t    \t    \t        <div class=\"tb-column-inner tf_box tf_w\">\n\t\t    <!-- module image -->\n<div  class=\"module module-image tb_w0h1421   image-center tf_mw\" data-lazy=\"1\">\n        <div class=\"image-wrap tf_rel tf_mw\">\n\t\t    <img loading=\"lazy\" src=\"https:\/\/arquiconsult.com\/wp-content\/uploads\/2022\/05\/mondego-group-logo-250x125.png\" width=\"250\" height=\"125\" class=\"wp-post-image wp-image-41426\" title=\"mondego group logo\" alt=\"mondego group logo\" srcset=\"https:\/\/arquiconsult.com\/wp-content\/uploads\/2022\/05\/mondego-group-logo-250x125.png 250w, https:\/\/arquiconsult.com\/wp-content\/uploads\/2022\/05\/mondego-group-logo-640x320.png 640w, https:\/\/arquiconsult.com\/wp-content\/uploads\/2022\/05\/mondego-group-logo-768x384.png 768w, https:\/\/arquiconsult.com\/wp-content\/uploads\/2022\/05\/mondego-group-logo-50x25.png 50w, https:\/\/arquiconsult.com\/wp-content\/uploads\/2022\/05\/mondego-group-logo.png 800w\" sizes=\"(max-width: 250px) 100vw, 250px\" \/>\t\n\t\t<\/div>\n\t<!-- \/image-wrap -->\n    \n    \t<\/div>\n<!-- \/module image --><!-- module text -->\n<div  class=\"module module-text tb_t3gx122  repeat \" data-lazy=\"1\">\n        <div  class=\"tb_text_wrap\">\n    <p style=\"text-align: center;\"><strong>Transportes Marginal do Mondego, S.A. Mondego Group \u2013 Transport &#038; Logistics, Rodrigo Alves, administrador<\/strong><\/p>    <\/div>\n<\/div>\n<!-- \/module text --><!-- module text -->\n<div  class=\"module module-text tb_kpsl122  repeat \" data-lazy=\"1\">\n        <div  class=\"tb_text_wrap\">\n    <p style=\"text-align: center;\">A nossa escolha foi simples, um layout que nos agradou, todas as quest\u00f5es que fiz foram respondidas com muita precis\u00e3o, vi que \u00e9 um produto com provas dadas no mercado e que encaixaria perfeitamente no nosso grupo. O que esperamos do Navitrans \u00e9, para al\u00e9m de organiza\u00e7\u00e3o em todos os processos, ter melhor perce\u00e7\u00e3o do que fazemos bem e do que fazemos menos bem, poder analisar o nosso neg\u00f3cio de uma forma profunda.<\/p>    <\/div>\n<\/div>\n<!-- \/module text -->\t        <\/div>\n\t    \t<\/div>\n\t\t    <\/div>\n\t<\/div><!-- \/themify_builder_sub_row -->\n\t\t        <\/div>\n\t    \t<\/div>\n\t\t    <\/div>\n\t    <!-- \/row_inner -->\n\t<\/div>\n\t<!-- \/module_row -->\n\t\t<!-- module_row -->\n\t<div  data-css_id=\"sul0333\" data-lazy=\"1\" class=\"module_row themify_builder_row repeat fullwidth_row_container tb_sul0333 tf_clearfix\" >\n\t    \t\t<div class=\"row_inner col_align_top col-count-1 tf_box tf_w tf_rel\">\n\t\t\t<div  data-lazy=\"1\" class=\"module_column tb-column col-full first tb_cnhh334 tf_box\">\n\t\t\t    \t        <div class=\"tb-column-inner tf_box tf_w\">\n\t\t    \t<div  data-lazy=\"1\" class=\"module_subrow themify_builder_sub_row tb_pqng334 tf_w tf_clearfix\">\n\t    \t\t<div class=\"subrow_inner col_align_top gutter-narrow col-count-3 tf_box tf_w\"  data-basecol=\"3\" data-col_mobile=\"column-full\">\n\t\t\t<div  data-lazy=\"1\" class=\"sub_column module_column tf_box col3-1 first tb_cndd334\" > \n\t    \t    \t<\/div>\n\t\t<div  data-lazy=\"1\" class=\"sub_column module_column tf_box col3-1 middle tb_nbr4335 repeat\" > \n\t    \t    \t        <div class=\"tb-column-inner tf_box tf_w\">\n\t\t    <!-- module image -->\n<div  class=\"module module-image tb_2vze423   image-center tf_mw\" data-lazy=\"1\">\n        <div class=\"image-wrap tf_rel tf_mw\">\n\t\t    <img loading=\"lazy\" src=\"https:\/\/arquiconsult.com\/wp-content\/uploads\/2022\/05\/serviroad-logo-1-250x82.png\" width=\"250\" height=\"82\" class=\"wp-post-image wp-image-41434\" title=\"serviroad-logo\" alt=\"serviroad-logo\" srcset=\"https:\/\/arquiconsult.com\/wp-content\/uploads\/2022\/05\/serviroad-logo-1-250x82.png 250w, https:\/\/arquiconsult.com\/wp-content\/uploads\/2022\/05\/serviroad-logo-1-50x16.png 50w, https:\/\/arquiconsult.com\/wp-content\/uploads\/2022\/05\/serviroad-logo-1.png 500w\" sizes=\"(max-width: 250px) 100vw, 250px\" \/>\t\n\t\t<\/div>\n\t<!-- \/image-wrap -->\n    \n    \t<\/div>\n<!-- \/module image --><!-- module text -->\n<div  class=\"module module-text tb_nj48575  repeat \" data-lazy=\"1\">\n        <div  class=\"tb_text_wrap\">\n    <p style=\"text-align: center;\"><strong>Serviroad &#8211; Cl\u00e1udio Vieira, administrador<\/strong><\/p>    <\/div>\n<\/div>\n<!-- \/module text --><!-- module text -->\n<div  class=\"module module-text tb_gxor575  repeat \" data-lazy=\"1\">\n        <div  class=\"tb_text_wrap\">\n    <p style=\"text-align: center;\">O Dynamics NAV Navitrans <br>tem sido um vigoroso pilar no crescimento e proje\u00e7\u00e3o dos <br>neg\u00f3cios do Grupo Serviroad, um <br>forte aliado na gest\u00e3o empresarial.<\/p>    <\/div>\n<\/div>\n<!-- \/module text -->\t        <\/div>\n\t    \t<\/div>\n\t\t<div  data-lazy=\"1\" class=\"sub_column module_column tf_box col3-1 last tb_8xgy335 repeat\" > \n\t    \t    \t<\/div>\n\t\t    <\/div>\n\t<\/div><!-- \/themify_builder_sub_row -->\n\t\t        <\/div>\n\t    \t<\/div>\n\t\t    <\/div>\n\t    <!-- \/row_inner -->\n\t<\/div>\n\t<!-- \/module_row -->\n\t\t<!-- module_row -->\n\t<div  data-lazy=\"1\" class=\"module_row themify_builder_row repeat tb_4oj5955 tf_clearfix\" >\n\t    \t\t<div class=\"row_inner col_align_top col-count-1 tf_box tf_w tf_rel\">\n\t\t\t<div  data-lazy=\"1\" class=\"module_column tb-column col-full first tb_dwlo955 tf_box\">\n\t\t\t    \t        <div class=\"tb-column-inner tf_box tf_w\">\n\t\t    <!-- module text -->\n<div  class=\"module module-text tb_aksz955  repeat \" data-lazy=\"1\">\n        <div  class=\"tb_text_wrap\">\n    <h2>Empresas Globais que trabalham com Navitrans<\/h2>    <\/div>\n<\/div>\n<!-- \/module text -->\t        <\/div>\n\t    \t<\/div>\n\t\t    <\/div>\n\t    <!-- \/row_inner -->\n\t<\/div>\n\t<!-- \/module_row -->\n\t\t<!-- module_row -->\n\t<div  data-anchor=\"clientes\" data-hide-anchor=\"1\" data-lazy=\"1\" class=\"module_row themify_builder_row clientes repeat tb_has_section tb_section-clientes tb_5lpi227 tf_clearfix\" >\n\t    \t\t<div class=\"row_inner col_align_top col-count-1 tf_box tf_w tf_rel\">\n\t\t\t<div  data-lazy=\"1\" class=\"module_column tb-column col-full first tb_uwhi227 tf_box\">\n\t\t\t    \t        <div class=\"tb-column-inner tf_box tf_w\">\n\t\t    <div  class=\"module tf_clearfix themify_builder_slider_wrap module-slider tb_doyl211  slider-default  \" data-lazy=\"1\">\n        <div class=\"themify_builder_slider tf_carousel tf_swiper-container tf_rel tf_overflow\" data-lazy=\"1\"\t\t    data-tbreakpoints=\"1280\"\n\t\t    data-mbreakpoints=\"680\"\n\tdata-visible=\"4\"\n\tdata-tab-visible=\"3\"\n\tdata-mob-visible=\"1\"\n\tdata-scroll=\"4\"\n\t\t    \t\t    \t\t\t    data-auto=\"3000\"\n\t\t\t    data-controller=\"0\"\n\t\t\t    data-pause_hover=\"1\"\n\t\t    \tdata-speed=\"1\"\n\tdata-wrapvar=\"0\"\n\tdata-slider_nav=\"0\"\n\tdata-pager=\"1\"\n\tdata-effect=\"scroll\" \n\tdata-height=\"auto\"\n\tdata-horizontal=\"0\"\n\t\t    data-css_url=\"https:\/\/arquiconsult.com\/wp-content\/themes\/themify-ultra\/themify\/themify-builder\/css\/modules\/sliders\/carousel.css,https:\/\/arquiconsult.com\/wp-content\/themes\/themify-ultra\/themify\/themify-builder\/css\/modules\/sliders\/slider.css\"\n\t>\n\t\t    <div class=\"tf_swiper-wrapper tf_lazy tf_rel tf_w tf_h tf_textc\">\n\t        <!-- module slider image -->\n\n                     <div class=\"tf_swiper-slide\">\n            <div class=\"slide-inner-wrap\" style=\"margin-left:55px;margin-right:55px;\">\n                                    <div class=\"tf_rel tf_lazy slide-image\">\n                                                                            <img src=\"https:\/\/arquiconsult.com\/wp-content\/uploads\/2021\/11\/TFS-Navitrans-Logo-275x200.png\" height=\"200\" class=\"wp-post-image wp-image-27682\" title=\"TFS-Navitrans-Logo\" alt=\"TFS-Navitrans-Logo\" srcset=\"https:\/\/arquiconsult.com\/wp-content\/uploads\/2021\/11\/TFS-Navitrans-Logo-275x200.png 275w, https:\/\/arquiconsult.com\/wp-content\/uploads\/2021\/11\/TFS-Navitrans-Logo-640x464.png 640w, https:\/\/arquiconsult.com\/wp-content\/uploads\/2021\/11\/TFS-Navitrans-Logo-768x557.png 768w, https:\/\/arquiconsult.com\/wp-content\/uploads\/2021\/11\/TFS-Navitrans-Logo-50x36.png 50w, https:\/\/arquiconsult.com\/wp-content\/uploads\/2021\/11\/TFS-Navitrans-Logo-250x181.png 250w, https:\/\/arquiconsult.com\/wp-content\/uploads\/2021\/11\/TFS-Navitrans-Logo.png 904w\" sizes=\"(max-width: 275px) 100vw, 275px\" \/>                                            <\/div><!-- \/slide-image -->\n                \n                            <\/div>\n        <\/div>\n                     <div class=\"tf_swiper-slide\">\n            <div class=\"slide-inner-wrap\" style=\"margin-left:55px;margin-right:55px;\">\n                                    <div class=\"tf_rel tf_lazy slide-image\">\n                                                                            <img src=\"https:\/\/arquiconsult.com\/wp-content\/uploads\/2021\/11\/ETAF-Navitrans-Logo-275x200.png\" height=\"200\" class=\"wp-post-image wp-image-27685\" title=\"ETAF-Navitrans-Logo\" alt=\"ETAF-Navitrans-Logo\" srcset=\"https:\/\/arquiconsult.com\/wp-content\/uploads\/2021\/11\/ETAF-Navitrans-Logo-275x200.png 275w, https:\/\/arquiconsult.com\/wp-content\/uploads\/2021\/11\/ETAF-Navitrans-Logo-640x464.png 640w, https:\/\/arquiconsult.com\/wp-content\/uploads\/2021\/11\/ETAF-Navitrans-Logo-768x557.png 768w, https:\/\/arquiconsult.com\/wp-content\/uploads\/2021\/11\/ETAF-Navitrans-Logo-50x36.png 50w, https:\/\/arquiconsult.com\/wp-content\/uploads\/2021\/11\/ETAF-Navitrans-Logo.png 904w\" sizes=\"(max-width: 275px) 100vw, 275px\" \/>                                            <\/div><!-- \/slide-image -->\n                \n                            <\/div>\n        <\/div>\n                     <div class=\"tf_swiper-slide\">\n            <div class=\"slide-inner-wrap\" style=\"margin-left:55px;margin-right:55px;\">\n                                    <div class=\"tf_rel tf_lazy slide-image\">\n                                                                            <img src=\"https:\/\/arquiconsult.com\/wp-content\/uploads\/2021\/11\/TMS-Navitrans-Logo-275x200.png\" height=\"200\" class=\"wp-post-image wp-image-27688\" title=\"TMS-Navitrans-Logo\" alt=\"TMS-Navitrans-Logo\" srcset=\"https:\/\/arquiconsult.com\/wp-content\/uploads\/2021\/11\/TMS-Navitrans-Logo-275x200.png 275w, https:\/\/arquiconsult.com\/wp-content\/uploads\/2021\/11\/TMS-Navitrans-Logo-640x464.png 640w, https:\/\/arquiconsult.com\/wp-content\/uploads\/2021\/11\/TMS-Navitrans-Logo-768x557.png 768w, https:\/\/arquiconsult.com\/wp-content\/uploads\/2021\/11\/TMS-Navitrans-Logo-50x36.png 50w, https:\/\/arquiconsult.com\/wp-content\/uploads\/2021\/11\/TMS-Navitrans-Logo.png 904w\" sizes=\"(max-width: 275px) 100vw, 275px\" \/>                                            <\/div><!-- \/slide-image -->\n                \n                            <\/div>\n        <\/div>\n                     <div class=\"tf_swiper-slide\">\n            <div class=\"slide-inner-wrap\" style=\"margin-left:55px;margin-right:55px;\">\n                                    <div class=\"tf_rel tf_lazy slide-image\">\n                                                                            <img src=\"https:\/\/arquiconsult.com\/wp-content\/uploads\/2021\/11\/TCP-Navitrans-Logo-275x200.png\" height=\"200\" class=\"wp-post-image wp-image-27691\" title=\"TCP-Navitrans-Logo\" alt=\"TCP-Navitrans-Logo\" srcset=\"https:\/\/arquiconsult.com\/wp-content\/uploads\/2021\/11\/TCP-Navitrans-Logo-275x200.png 275w, https:\/\/arquiconsult.com\/wp-content\/uploads\/2021\/11\/TCP-Navitrans-Logo-640x464.png 640w, https:\/\/arquiconsult.com\/wp-content\/uploads\/2021\/11\/TCP-Navitrans-Logo-768x557.png 768w, https:\/\/arquiconsult.com\/wp-content\/uploads\/2021\/11\/TCP-Navitrans-Logo-50x36.png 50w, https:\/\/arquiconsult.com\/wp-content\/uploads\/2021\/11\/TCP-Navitrans-Logo.png 904w\" sizes=\"(max-width: 275px) 100vw, 275px\" \/>                                            <\/div><!-- \/slide-image -->\n                \n                            <\/div>\n        <\/div>\n                     <div class=\"tf_swiper-slide\">\n            <div class=\"slide-inner-wrap\" style=\"margin-left:55px;margin-right:55px;\">\n                                    <div class=\"tf_rel tf_lazy slide-image\">\n                                                                            <img src=\"https:\/\/arquiconsult.com\/wp-content\/uploads\/2021\/11\/TJA-Navitrans-Logo-275x200.png\" height=\"200\" class=\"wp-post-image wp-image-27694\" title=\"TJA-Navitrans-Logo\" alt=\"TJA-Navitrans-Logo\" srcset=\"https:\/\/arquiconsult.com\/wp-content\/uploads\/2021\/11\/TJA-Navitrans-Logo-275x200.png 275w, https:\/\/arquiconsult.com\/wp-content\/uploads\/2021\/11\/TJA-Navitrans-Logo-640x464.png 640w, https:\/\/arquiconsult.com\/wp-content\/uploads\/2021\/11\/TJA-Navitrans-Logo-768x557.png 768w, https:\/\/arquiconsult.com\/wp-content\/uploads\/2021\/11\/TJA-Navitrans-Logo-50x36.png 50w, https:\/\/arquiconsult.com\/wp-content\/uploads\/2021\/11\/TJA-Navitrans-Logo.png 904w\" sizes=\"(max-width: 275px) 100vw, 275px\" \/>                                            <\/div><!-- \/slide-image -->\n                \n                            <\/div>\n        <\/div>\n                     <div class=\"tf_swiper-slide\">\n            <div class=\"slide-inner-wrap\" style=\"margin-left:55px;margin-right:55px;\">\n                                    <div class=\"tf_rel tf_lazy slide-image\">\n                                                                            <img src=\"https:\/\/arquiconsult.com\/wp-content\/uploads\/2021\/11\/silvestre-e-silva-Navitrans-logo-275x200.png\" height=\"200\" class=\"wp-post-image wp-image-27697\" title=\"silvestre-e-silva-Navitrans-logo\" alt=\"silvestre-e-silva-Navitrans-logo\" srcset=\"https:\/\/arquiconsult.com\/wp-content\/uploads\/2021\/11\/silvestre-e-silva-Navitrans-logo-275x200.png 275w, https:\/\/arquiconsult.com\/wp-content\/uploads\/2021\/11\/silvestre-e-silva-Navitrans-logo-640x464.png 640w, https:\/\/arquiconsult.com\/wp-content\/uploads\/2021\/11\/silvestre-e-silva-Navitrans-logo-768x557.png 768w, https:\/\/arquiconsult.com\/wp-content\/uploads\/2021\/11\/silvestre-e-silva-Navitrans-logo-50x36.png 50w, https:\/\/arquiconsult.com\/wp-content\/uploads\/2021\/11\/silvestre-e-silva-Navitrans-logo.png 904w\" sizes=\"(max-width: 275px) 100vw, 275px\" \/>                                            <\/div><!-- \/slide-image -->\n                \n                            <\/div>\n        <\/div>\n                     <div class=\"tf_swiper-slide\">\n            <div class=\"slide-inner-wrap\" style=\"margin-left:55px;margin-right:55px;\">\n                                    <div class=\"tf_rel tf_lazy slide-image\">\n                                                                            <img src=\"https:\/\/arquiconsult.com\/wp-content\/uploads\/2021\/11\/Clip-Navitrans-Logo-275x200.png\" height=\"200\" class=\"wp-post-image wp-image-27700\" title=\"Clip-Navitrans-Logo\" alt=\"Clip-Navitrans-Logo\" srcset=\"https:\/\/arquiconsult.com\/wp-content\/uploads\/2021\/11\/Clip-Navitrans-Logo-275x200.png 275w, https:\/\/arquiconsult.com\/wp-content\/uploads\/2021\/11\/Clip-Navitrans-Logo-640x464.png 640w, https:\/\/arquiconsult.com\/wp-content\/uploads\/2021\/11\/Clip-Navitrans-Logo-768x557.png 768w, https:\/\/arquiconsult.com\/wp-content\/uploads\/2021\/11\/Clip-Navitrans-Logo-50x36.png 50w, https:\/\/arquiconsult.com\/wp-content\/uploads\/2021\/11\/Clip-Navitrans-Logo.png 904w\" sizes=\"(max-width: 275px) 100vw, 275px\" \/>                                            <\/div><!-- \/slide-image -->\n                \n                            <\/div>\n        <\/div>\n                     <div class=\"tf_swiper-slide\">\n            <div class=\"slide-inner-wrap\" style=\"margin-left:55px;margin-right:55px;\">\n                                    <div class=\"tf_rel tf_lazy slide-image\">\n                                                                            <img src=\"https:\/\/arquiconsult.com\/wp-content\/uploads\/2021\/11\/Serviroad-Navitrans-logo-275x200.png\" height=\"200\" class=\"wp-post-image wp-image-27703\" title=\"Serviroad-Navitrans-logo\" alt=\"Serviroad-Navitrans-logo\" srcset=\"https:\/\/arquiconsult.com\/wp-content\/uploads\/2021\/11\/Serviroad-Navitrans-logo-275x200.png 275w, https:\/\/arquiconsult.com\/wp-content\/uploads\/2021\/11\/Serviroad-Navitrans-logo-640x464.png 640w, https:\/\/arquiconsult.com\/wp-content\/uploads\/2021\/11\/Serviroad-Navitrans-logo-768x557.png 768w, https:\/\/arquiconsult.com\/wp-content\/uploads\/2021\/11\/Serviroad-Navitrans-logo-50x36.png 50w, https:\/\/arquiconsult.com\/wp-content\/uploads\/2021\/11\/Serviroad-Navitrans-logo.png 904w\" sizes=\"(max-width: 275px) 100vw, 275px\" \/>                                            <\/div><!-- \/slide-image -->\n                \n                            <\/div>\n        <\/div>\n                     <div class=\"tf_swiper-slide\">\n            <div class=\"slide-inner-wrap\" style=\"margin-left:55px;margin-right:55px;\">\n                                    <div class=\"tf_rel tf_lazy slide-image\">\n                                                                            <img src=\"https:\/\/arquiconsult.com\/wp-content\/uploads\/2021\/11\/SLC-Navitrans-Logo-275x200.png\" height=\"200\" class=\"wp-post-image wp-image-27706\" title=\"SLC-Navitrans-Logo\" alt=\"SLC-Navitrans-Logo\" srcset=\"https:\/\/arquiconsult.com\/wp-content\/uploads\/2021\/11\/SLC-Navitrans-Logo-275x200.png 275w, https:\/\/arquiconsult.com\/wp-content\/uploads\/2021\/11\/SLC-Navitrans-Logo-640x464.png 640w, https:\/\/arquiconsult.com\/wp-content\/uploads\/2021\/11\/SLC-Navitrans-Logo-768x557.png 768w, https:\/\/arquiconsult.com\/wp-content\/uploads\/2021\/11\/SLC-Navitrans-Logo-50x36.png 50w, https:\/\/arquiconsult.com\/wp-content\/uploads\/2021\/11\/SLC-Navitrans-Logo.png 904w\" sizes=\"(max-width: 275px) 100vw, 275px\" \/>                                            <\/div><!-- \/slide-image -->\n                \n                            <\/div>\n        <\/div>\n                     <div class=\"tf_swiper-slide\">\n            <div class=\"slide-inner-wrap\" style=\"margin-left:55px;margin-right:55px;\">\n                                    <div class=\"tf_rel tf_lazy slide-image\">\n                                                                            <img src=\"https:\/\/arquiconsult.com\/wp-content\/uploads\/2021\/11\/Burmester-Navitrans-Logo-275x200.png\" height=\"200\" class=\"wp-post-image wp-image-27710\" title=\"Burmester-Navitrans-Logo\" alt=\"Burmester-Navitrans-Logo\" srcset=\"https:\/\/arquiconsult.com\/wp-content\/uploads\/2021\/11\/Burmester-Navitrans-Logo-275x200.png 275w, https:\/\/arquiconsult.com\/wp-content\/uploads\/2021\/11\/Burmester-Navitrans-Logo-640x464.png 640w, https:\/\/arquiconsult.com\/wp-content\/uploads\/2021\/11\/Burmester-Navitrans-Logo-768x557.png 768w, https:\/\/arquiconsult.com\/wp-content\/uploads\/2021\/11\/Burmester-Navitrans-Logo-50x36.png 50w, https:\/\/arquiconsult.com\/wp-content\/uploads\/2021\/11\/Burmester-Navitrans-Logo.png 904w\" sizes=\"(max-width: 275px) 100vw, 275px\" \/>                                            <\/div><!-- \/slide-image -->\n                \n                            <\/div>\n        <\/div>\n                     <div class=\"tf_swiper-slide\">\n            <div class=\"slide-inner-wrap\" style=\"margin-left:55px;margin-right:55px;\">\n                                    <div class=\"tf_rel tf_lazy slide-image\">\n                                                                            <img src=\"https:\/\/arquiconsult.com\/wp-content\/uploads\/2021\/11\/Carog-Abreu-Navitrans-Logo-275x200.png\" height=\"200\" class=\"wp-post-image wp-image-27713\" title=\"Cargo-Abreu-Navitrans-Logo\" alt=\"Cargo-Abreu-Navitrans-Logo\" srcset=\"https:\/\/arquiconsult.com\/wp-content\/uploads\/2021\/11\/Carog-Abreu-Navitrans-Logo-275x200.png 275w, https:\/\/arquiconsult.com\/wp-content\/uploads\/2021\/11\/Carog-Abreu-Navitrans-Logo-640x464.png 640w, https:\/\/arquiconsult.com\/wp-content\/uploads\/2021\/11\/Carog-Abreu-Navitrans-Logo-768x557.png 768w, https:\/\/arquiconsult.com\/wp-content\/uploads\/2021\/11\/Carog-Abreu-Navitrans-Logo-50x36.png 50w, https:\/\/arquiconsult.com\/wp-content\/uploads\/2021\/11\/Carog-Abreu-Navitrans-Logo.png 904w\" sizes=\"(max-width: 275px) 100vw, 275px\" \/>                                            <\/div><!-- \/slide-image -->\n                \n                            <\/div>\n        <\/div>\n                     <div class=\"tf_swiper-slide\">\n            <div class=\"slide-inner-wrap\" style=\"margin-left:55px;margin-right:55px;\">\n                                    <div class=\"tf_rel tf_lazy slide-image\">\n                                                                            <img src=\"https:\/\/arquiconsult.com\/wp-content\/uploads\/2021\/11\/Arnaud-Navitrans-Logo-275x200.png\" height=\"200\" class=\"wp-post-image wp-image-27716\" title=\"Arnaud-Navitrans-Logo\" alt=\"Arnaud-Navitrans-Logo\" srcset=\"https:\/\/arquiconsult.com\/wp-content\/uploads\/2021\/11\/Arnaud-Navitrans-Logo-275x200.png 275w, https:\/\/arquiconsult.com\/wp-content\/uploads\/2021\/11\/Arnaud-Navitrans-Logo-640x464.png 640w, https:\/\/arquiconsult.com\/wp-content\/uploads\/2021\/11\/Arnaud-Navitrans-Logo-768x557.png 768w, https:\/\/arquiconsult.com\/wp-content\/uploads\/2021\/11\/Arnaud-Navitrans-Logo-50x36.png 50w, https:\/\/arquiconsult.com\/wp-content\/uploads\/2021\/11\/Arnaud-Navitrans-Logo.png 904w\" sizes=\"(max-width: 275px) 100vw, 275px\" \/>                                            <\/div><!-- \/slide-image -->\n                \n                            <\/div>\n        <\/div>\n                     <div class=\"tf_swiper-slide\">\n            <div class=\"slide-inner-wrap\" style=\"margin-left:55px;margin-right:55px;\">\n                                    <div class=\"tf_rel tf_lazy slide-image\">\n                                                                            <img src=\"https:\/\/arquiconsult.com\/wp-content\/uploads\/2021\/11\/Transportes-Marginal-Mondego-Navitrans-Logo-275x200.png\" height=\"200\" class=\"wp-post-image wp-image-27719\" title=\"Transportes-Marginal-Mondego-Navitrans-Logo\" alt=\"Transportes-Marginal-Mondego-Navitrans-Logo\" srcset=\"https:\/\/arquiconsult.com\/wp-content\/uploads\/2021\/11\/Transportes-Marginal-Mondego-Navitrans-Logo-275x200.png 275w, https:\/\/arquiconsult.com\/wp-content\/uploads\/2021\/11\/Transportes-Marginal-Mondego-Navitrans-Logo-640x464.png 640w, https:\/\/arquiconsult.com\/wp-content\/uploads\/2021\/11\/Transportes-Marginal-Mondego-Navitrans-Logo-768x557.png 768w, https:\/\/arquiconsult.com\/wp-content\/uploads\/2021\/11\/Transportes-Marginal-Mondego-Navitrans-Logo-50x36.png 50w, https:\/\/arquiconsult.com\/wp-content\/uploads\/2021\/11\/Transportes-Marginal-Mondego-Navitrans-Logo.png 904w\" sizes=\"(max-width: 275px) 100vw, 275px\" \/>                                            <\/div><!-- \/slide-image -->\n                \n                            <\/div>\n        <\/div>\n                     <div class=\"tf_swiper-slide\">\n            <div class=\"slide-inner-wrap\" style=\"margin-left:55px;margin-right:55px;\">\n                                    <div class=\"tf_rel tf_lazy slide-image\">\n                                                                            <img src=\"https:\/\/arquiconsult.com\/wp-content\/uploads\/2022\/04\/Klog_logo_home-4-260x200.png\" height=\"200\" class=\"wp-post-image wp-image-41181\" title=\"Klog_logo_home\" alt=\"Klog_logo_home\" srcset=\"https:\/\/arquiconsult.com\/wp-content\/uploads\/2022\/04\/Klog_logo_home-4-260x200.png 260w, https:\/\/arquiconsult.com\/wp-content\/uploads\/2022\/04\/Klog_logo_home-4-50x38.png 50w, https:\/\/arquiconsult.com\/wp-content\/uploads\/2022\/04\/Klog_logo_home-4-250x192.png 250w, https:\/\/arquiconsult.com\/wp-content\/uploads\/2022\/04\/Klog_logo_home-4-350x269.png 350w, https:\/\/arquiconsult.com\/wp-content\/uploads\/2022\/04\/Klog_logo_home-4-280x215.png 280w, https:\/\/arquiconsult.com\/wp-content\/uploads\/2022\/04\/Klog_logo_home-4.png 208w\" sizes=\"(max-width: 260px) 100vw, 260px\" \/>                                            <\/div><!-- \/slide-image -->\n                \n                            <\/div>\n        <\/div>\n    \t\t    <\/div>\n    <\/div>\n<\/div>\n\t        <\/div>\n\t    \t<\/div>\n\t\t    <\/div>\n\t    <!-- \/row_inner -->\n\t<\/div>\n\t<!-- \/module_row -->\n\t<\/div>\n<!--\/themify_builder_content-->","protected":false},"excerpt":{"rendered":"<p>CONHE\u00c7A OS NOSSOS CLIENTES A solu\u00e7\u00e3o ERP para empresas fornecedoras de Servi\u00e7os Log\u00edsticos, transporte de mercadorias, distribui\u00e7\u00e3o, tr\u00e2nsitos, armazenagem ou mesmo a oferta de v\u00e1rios destes servi\u00e7os de forma integrada. Trabalhamos de perto com a nossa rede de refer\u00eancia, para crescer com as solu\u00e7\u00f5es que implementamos. Klog &#8211; Jorge Cernadas, Diretor Financeiro Quem j\u00e1 passou [&hellip;]<\/p>\n","protected":false},"author":4,"featured_media":0,"parent":0,"menu_order":0,"comment_status":"closed","ping_status":"closed","template":"","meta":[],"acf":[],"_links":{"self":[{"href":"https:\/\/arquiconsult.com\/pt-br\/wp-json\/wp\/v2\/pages\/41122"}],"collection":[{"href":"https:\/\/arquiconsult.com\/pt-br\/wp-json\/wp\/v2\/pages"}],"about":[{"href":"https:\/\/arquiconsult.com\/pt-br\/wp-json\/wp\/v2\/types\/page"}],"author":[{"embeddable":true,"href":"https:\/\/arquiconsult.com\/pt-br\/wp-json\/wp\/v2\/users\/4"}],"replies":[{"embeddable":true,"href":"https:\/\/arquiconsult.com\/pt-br\/wp-json\/wp\/v2\/comments?post=41122"}],"version-history":[{"count":1,"href":"https:\/\/arquiconsult.com\/pt-br\/wp-json\/wp\/v2\/pages\/41122\/revisions"}],"predecessor-version":[{"id":118248,"href":"https:\/\/arquiconsult.com\/pt-br\/wp-json\/wp\/v2\/pages\/41122\/revisions\/118248"}],"wp:attachment":[{"href":"https:\/\/arquiconsult.com\/pt-br\/wp-json\/wp\/v2\/media?parent=41122"}],"curies":[{"name":"wp","href":"https:\/\/api.w.org\/{rel}","templated":true}]}}