{"id":8362,"date":"2021-05-05T23:55:03","date_gmt":"2021-05-05T21:55:03","guid":{"rendered":"https:\/\/arquiconsult.com\/quem-somos-2\/"},"modified":"2024-12-16T15:54:10","modified_gmt":"2024-12-16T15:54:10","slug":"politica-de-privacidade-e-protecao-de-dados","status":"publish","type":"page","link":"https:\/\/arquiconsult.com\/pt-br\/politica-de-privacidade-e-protecao-de-dados\/","title":{"rendered":"Pol\u00edtica de Privacidade"},"content":{"rendered":"<!--themify_builder_content-->\n<div id=\"themify_builder_content-8362\" data-postid=\"8362\" class=\"themify_builder_content themify_builder_content-8362 themify_builder tf_clear\">\n    \t<!-- module_row -->\n\t<div  data-lazy=\"1\" class=\"module_row themify_builder_row tb_t17f142 tb_first tf_clearfix\" >\n\t    \t\t<div class=\"row_inner col_align_top col-count-1 tf_box tf_w tf_rel\">\n\t\t\t<div  data-lazy=\"1\" class=\"module_column tb-column col-full first tb_c65w143 tf_box\">\n\t\t\t    \t        <div class=\"tb-column-inner tf_box tf_w\">\n\t\t    \t<div  data-lazy=\"1\" class=\"module_subrow themify_builder_sub_row tb_oyoz144 tf_w tf_clearfix\">\n\t    \t\t<div class=\"subrow_inner col_align_top col-count-2 tf_box tf_w\"  data-basecol=\"2\" data-col_mobile=\"column-full\">\n\t\t\t<div  style=\"width: 82.21%\" data-lazy=\"1\" class=\"sub_column module_column tf_box col4-2 first tb_5o2t145\" > \n\t    \t    \t        <div class=\"tb-column-inner tf_box tf_w\">\n\t\t    <!-- module text -->\n<div  class=\"module module-text tb_rn7p145    hide-desktop hide-tablet hide-tablet_landscape hide-mobile\" data-lazy=\"1\">\n        <div  class=\"tb_text_wrap\">\n    <h1 style=\"text-align: left;\">Pol\u00edtica de Privacidade e Prote\u00e7\u00e3o de Dados da <a href=\"https:\/\/arquiconsult.com\/\">Arquiconsult<\/a><\/h1>    <\/div>\n<\/div>\n<!-- \/module text --><!-- module text -->\n<div  class=\"module module-text tb_gzdh811   \" data-lazy=\"1\">\n        <div  class=\"tb_text_wrap\">\n    <p style=\"text-align: left;\">Pol\u00edtica de Privacidade e Prote\u00e7\u00e3o de Dados da <a href=\"https:\/\/arquiconsult.com\/\">Arquiconsult<\/a><\/p>    <\/div>\n<\/div>\n<!-- \/module text --><!-- module text -->\n<div  class=\"module module-text tb_t85x281   \" data-lazy=\"1\">\n        <div  class=\"tb_text_wrap\">\n    <p style=\"text-align: left;\">Pol\u00edtica de Privacidade e Prote\u00e7\u00e3o de Dados em conformidade com o <a href=\"https:\/\/arquiconsult.com\/user-licence-agreement\/\">RGPD<\/a><\/p>    <\/div>\n<\/div>\n<!-- \/module text --><!-- module text -->\n<div  class=\"module module-text tb_dxpe884    hide-desktop hide-tablet hide-tablet_landscape hide-mobile\" data-lazy=\"1\">\n        <div  class=\"tb_text_wrap\">\n    <h2 style=\"text-align: left;\">Pol\u00edtica de Privacidade e Prote\u00e7\u00e3o de Dados em conformidade com o <a href=\"https:\/\/arquiconsult.com\/user-licence-agreement\/\">RGPD<\/a><\/h2>    <\/div>\n<\/div>\n<!-- \/module text -->\t        <\/div>\n\t    \t<\/div>\n\t\t<div  style=\"width: 14.59%\" data-lazy=\"1\" class=\"sub_column module_column tf_box col4-2 last tb_5bja671\"> \n\t    \t    \t<\/div>\n\t\t    <\/div>\n\t<\/div><!-- \/themify_builder_sub_row -->\n\t\t<div  data-lazy=\"1\" class=\"module_subrow themify_builder_sub_row tb_fovm146 tf_w tf_clearfix\">\n\t    \t\t<div class=\"subrow_inner col_align_top col-count-1 tf_box tf_w\"  data-basecol=\"1\" data-col_tablet=\"column4-2\" data-col_tablet_landscape=\"column4-2\" data-col_mobile=\"column-full\">\n\t\t\t<div  data-lazy=\"1\" class=\"sub_column module_column tf_box col-full first tb_jxdv147\"> \n\t    \t    \t        <div class=\"tb-column-inner tf_box tf_w\">\n\t\t    <!-- module text -->\n<div  class=\"module module-text tb_16yi147  repeat \" data-lazy=\"1\">\n        <div  class=\"tb_text_wrap\">\n    <h4><strong>\u00c2mbito de aplica\u00e7\u00e3o<\/strong><\/h4>\n<p>A Pol\u00edtica de Privacidade e Prote\u00e7\u00e3o de Dados Pessoais destina-se a regular o tratamento de dados pessoais a realizar pela Arquiconsult no \u00e2mbito dos seus servi\u00e7os.<\/p>    <\/div>\n<\/div>\n<!-- \/module text --><!-- module text -->\n<div  class=\"module module-text tb_v75j560  repeat \" data-lazy=\"1\">\n        <div  class=\"tb_text_wrap\">\n    <h4><strong>Respons\u00e1vel pelo tratamento<\/strong><\/h4>\n<p>ARQUICONSULT &#8211; Sistemas de Informa\u00e7\u00e3o, S.A., com sede Av. Comendador Ferreira de Matos,<br \/>793 &#8211; 1\u00ba Sala C1, 4450-125, matriculada na Conservat\u00f3ria do Registo Comercial de Matosinhos <br \/>sob o n\u00famero \u00fanico de matr\u00edcula e NIPC 505187299, com o capital social de \u20ac105.000,00 (cento e cinco mil euros).<\/p>    <\/div>\n<\/div>\n<!-- \/module text --><!-- module text -->\n<div  class=\"module module-text tb_ax4j127  repeat \" data-lazy=\"1\">\n        <div  class=\"tb_text_wrap\">\n    <h4><strong>Dados recolhidos<\/strong><\/h4>\n<p>(1) Dados fornecidos diretamente pelo titular; <br \/>(2) Dados recolhidos no \u00e2mbito da rela\u00e7\u00e3o constitu\u00edda com o titular desses dados; <br \/>(3) Dados pessoais solicitados ao titular tratados com o seu consentimento<\/p>    <\/div>\n<\/div>\n<!-- \/module text --><!-- module text -->\n<div  class=\"module module-text tb_qi1a801  repeat \" data-lazy=\"1\">\n        <div  class=\"tb_text_wrap\">\n    <h4><strong>Objeto<\/strong><\/h4>\n<p>O tratamento de dados pessoais inclui, nomeadamente, o registo, recolha, consulta, utiliza\u00e7\u00e3o, adapta\u00e7\u00e3o, altera\u00e7\u00e3o, armazenamento, destrui\u00e7\u00e3o, entre outras opera\u00e7\u00f5es referidas no artigo 4.\u00ba, n.\u00ba 2 do Regulamento (EU) 2016\/679 do Parlamento Europeu e do Conselho, de 27 de abril de 2016.<\/p>    <\/div>\n<\/div>\n<!-- \/module text --><!-- module text -->\n<div  class=\"module module-text tb_1oc286  repeat \" data-lazy=\"1\">\n        <div  class=\"tb_text_wrap\">\n    <h4><strong>Finalidades<\/strong><\/h4>\n<p>A utiliza\u00e7\u00e3o dos dados recolhidos tem como finalidades, nomeadamente: (1) A presta\u00e7\u00e3o de servi\u00e7os solicitados pelo titular; (2) fornecer informa\u00e7\u00e3o sobre produtos, servi\u00e7os, atividades de marketing, campanhas, promo\u00e7\u00f5es, fins estat\u00edsticos e conte\u00fados personalizados, mediante o consentimento pr\u00e9vio para o efeito (3) Recrutamento.<\/p>    <\/div>\n<\/div>\n<!-- \/module text --><!-- module text -->\n<div  class=\"module module-text tb_sxzt514  repeat \" data-lazy=\"1\">\n        <div  class=\"tb_text_wrap\">\n    <h4><strong>Legisla\u00e7\u00e3o<\/strong><\/h4>\n<p>A Arquiconsult garante o tratamento dos dados pessoais em conformidade com a legisla\u00e7\u00e3o em vigor relativa \u00e0 sua recolha, tratamento, utiliza\u00e7\u00e3o, divulga\u00e7\u00e3o, armazenamento e privacidade.<\/p>    <\/div>\n<\/div>\n<!-- \/module text --><!-- module text -->\n<div  class=\"module module-text tb_u7m6607  repeat \" data-lazy=\"1\">\n        <div  class=\"tb_text_wrap\">\n    <h4><strong>Dados n\u00e3o tratados<\/strong><\/h4>\n<p>A ARQUICONSULT n\u00e3o efetuar\u00e1 o tratamento de dados pessoais que revelem a origem racial ou \u00e9tnica, as opini\u00f5es pol\u00edticas, as convic\u00e7\u00f5es religiosas ou filos\u00f3ficas, ou a filia\u00e7\u00e3o sindical, bem como o tratamento de dados gen\u00e9ticos, dados biom\u00e9tricos, relativos \u00e0 sa\u00fade ou dados relativos \u00e0 vida sexual ou orienta\u00e7\u00e3o sexual do titular.<\/p>    <\/div>\n<\/div>\n<!-- \/module text --><!-- module text -->\n<div  class=\"module module-text tb_erfg322  repeat \" data-lazy=\"1\">\n        <div  class=\"tb_text_wrap\">\n    <h4><strong>Registo<\/strong><\/h4>\n<p>Ao aceder ou utilizar os nossos servi\u00e7os, ao participar em atividades de marketing promovidas pela ARQUICONSULT, ou em qualquer processo de recrutamento, o utilizador concorda com a pol\u00edtica de privacidade e prote\u00e7\u00e3o de dados pessoais da ARQUICONSULT, dando o seu consentimento \u00e0 sua recolha e tratamento para os fins referidos no ponto 5, fornecendo-os diretamente e de forma expl\u00edcita. O n\u00e3o fornecimento ou fornecimento parcial dos dados pessoais pelo titular poder\u00e1 limitar ou impossibilitar a realiza\u00e7\u00e3o dos servi\u00e7os, a participa\u00e7\u00e3o em eventos, campanhas ou quaisquer outras atividades promocionais e\/ou comerciais ou a integra\u00e7\u00e3o em processos de recrutamento.<\/p>    <\/div>\n<\/div>\n<!-- \/module text --><!-- module text -->\n<div  class=\"module module-text tb_mfgd596  repeat \" data-lazy=\"1\">\n        <div  class=\"tb_text_wrap\">\n    <h4><strong>Recolha<br \/><\/strong><\/h4>\n<p>Os dados pessoais apenas poder\u00e3o ser recolhidos no caso de: (1) o titular dos dados solicite um servi\u00e7o; (2) responda a um inqu\u00e9rito; (3) troque correspond\u00eancia eletr\u00f3nica com a ARQUICONSULT; (4) aceite participar em atividades e\/ou campanhas de marketing e receber informa\u00e7\u00e3o comercial e\/ou corporativa. (5) efetue o registo no website da ARQUICONSULT ou em qualquer evento comercial, neste \u00faltimo, ainda que de forma n\u00e3o automatizada.<\/p>    <\/div>\n<\/div>\n<!-- \/module text --><!-- module text -->\n<div  class=\"module module-text tb_tz2v543  repeat \" data-lazy=\"1\">\n        <div  class=\"tb_text_wrap\">\n    <h4><strong>Consentimento para a rece\u00e7\u00e3o de informa\u00e7\u00f5es<br \/><\/strong><\/h4>\n<p>O titular dos dados dar\u00e1 o seu consentimento pr\u00e9vio relativamente \u00e0 rece\u00e7\u00e3o de comunica\u00e7\u00f5es comerciais para fins de marketing, sendo-lhe conferida a faculdade de oposi\u00e7\u00e3o, a todo o tempo, mediante comunica\u00e7\u00e3o escrita dirigida \u00e0 Arquiconsult. As referidas informa\u00e7\u00f5es comerciais, <br \/>poder\u00e3o ser enviadas pela Arquiconsult, atrav\u00e9s de correio eletr\u00f3nico, telefone, SMS ou qualquer outro meio de comunica\u00e7\u00e3o eletr\u00f3nica, websites de redes sociais, Web 2.0, qualquer conte\u00fado de telem\u00f3vel ou m\u00e9todo.<\/p>    <\/div>\n<\/div>\n<!-- \/module text --><!-- module text -->\n<div  class=\"module module-text tb_50l8553  repeat \" data-lazy=\"1\">\n        <div  class=\"tb_text_wrap\">\n    <h4><strong>Transmiss\u00e3o<br \/><\/strong><\/h4>\n<p>Para al\u00e9m das obriga\u00e7\u00f5es referidas na Lei aplic\u00e1vel \u00e0 prote\u00e7\u00e3o de dados ou \u00e0 salvaguarda e prote\u00e7\u00e3o dos seus pr\u00f3prios interesses, a Arquiconsult n\u00e3o partilhar\u00e1 quaisquer dados pessoais com entidades terceiras, com exce\u00e7\u00e3o das empresas do seu grupo, desde que estejam garantidas as condi\u00e7\u00f5es de seguran\u00e7a e integralidade dos respetivos dados.<\/p>    <\/div>\n<\/div>\n<!-- \/module text --><!-- module text -->\n<div  class=\"module module-text tb_x3hm558  repeat \" data-lazy=\"1\">\n        <div  class=\"tb_text_wrap\">\n    <h4><strong>Medidas t\u00e9cnicas e organizativas<br \/><\/strong><\/h4>\n<p>A ARQUICONSULT possui medidas t\u00e9cnicas e organizativas adequadas \u00e0 prote\u00e7\u00e3o dos dados tratados, nomeadamente, contra acessos n\u00e3o autorizados ou qualquer outra forma de tratamento ilegal ou il\u00edcito. A ARQUICONSULT, garante, para al\u00e9m das medidas de seguran\u00e7a e prote\u00e7\u00e3o interna das suas instala\u00e7\u00f5es, a limita\u00e7\u00e3o do acesso aos dados pessoais apenas aos seus colaboradores para o cumprimento das finalidades de tratamento.<\/p>    <\/div>\n<\/div>\n<!-- \/module text --><!-- module text -->\n<div  class=\"module module-text tb_3q2v976  repeat \" data-lazy=\"1\">\n        <div  class=\"tb_text_wrap\">\n    <h4><strong>Acesso, Altera\u00e7\u00e3o e Esquecimento<\/strong><\/h4>\n<p>\u00c9 conferido ao titular dos dados o direito de acesso e retifica\u00e7\u00e3o dos dados tratados, podendo, a qualquer momento, retirar o consentimento para o tratamento e solicitar o apagamento dos dados, mediante comunica\u00e7\u00e3o escrita dirigida \u00e0 Arquiconsult.<\/p>    <\/div>\n<\/div>\n<!-- \/module text --><!-- module text -->\n<div  class=\"module module-text tb_nw7x112  repeat \" data-lazy=\"1\">\n        <div  class=\"tb_text_wrap\">\n    <h4><strong>Dura\u00e7\u00e3o da manuten\u00e7\u00e3o dos dados<br \/><\/strong><\/h4>\n<p>A Arquiconsult levar\u00e1 acabo os esfor\u00e7os razo\u00e1veis para assegurar que conserva os dados sobre o titular dos dados apenas durante o tempo necess\u00e1rio relativamente \u00e0 finalidade para a qual foram recolhidos, ou conforme requerido ao abrigo de qualquer contrato ou da legisla\u00e7\u00e3o aplic\u00e1vel, num prazo m\u00e1ximo de 5 (cinco) anos.<\/p>    <\/div>\n<\/div>\n<!-- \/module text --><!-- module text -->\n<div  class=\"module module-text tb_eibl9  repeat \" data-lazy=\"1\">\n        <div  class=\"tb_text_wrap\">\n    <h4><strong>Aplicabilidade<br \/><\/strong><\/h4>\n<p>As pol\u00edticas de privacidade e prote\u00e7\u00e3o de dados pessoais da Arquiconsult aplicam-se ao tratamento de dados pessoais realizados no \u00e2mbito das suas atividades comerciais e da sua presta\u00e7\u00e3o de servi\u00e7os, de acordo com os princ\u00edpios de licitude, lealdade e transpar\u00eancia.<\/p>    <\/div>\n<\/div>\n<!-- \/module text --><!-- module text -->\n<div  class=\"module module-text tb_raj872  repeat \" data-lazy=\"1\">\n        <div  class=\"tb_text_wrap\">\n    <h4><strong>Cookies<\/strong><\/h4>\n<p>A Arquiconsult n\u00e3o utiliza cookies, beacons, plug-ins (extens\u00f5es) nas redes sociais ou quaisquer outras tecnologias semelhantes.<\/p>    <\/div>\n<\/div>\n<!-- \/module text --><!-- module text -->\n<div  class=\"module module-text tb_oded668  repeat \" data-lazy=\"1\">\n        <div  class=\"tb_text_wrap\">\n    <h4><strong>Decis\u00f5es automatizadas<br \/><\/strong><\/h4>\n<p>N\u00e3o tomar\u00e1 qualquer decis\u00e3o comercial com base em decis\u00f5es automatizadas, nem realizar\u00e1 qualquer a\u00e7\u00e3o conducente \u00e0 defini\u00e7\u00e3o de perfis.<\/p>    <\/div>\n<\/div>\n<!-- \/module text --><!-- module text -->\n<div  class=\"module module-text tb_whsd746  repeat \" data-lazy=\"1\">\n        <div  class=\"tb_text_wrap\">\n    <h4><strong>Autoridade de Controlo<br \/><\/strong><\/h4>\n<p>A autoridade de controlo \u00e9 a Comiss\u00e3o Nacional de Prote\u00e7\u00e3o de Dados (CNPD), com sede na Rua de S\u00e3o Bento n.\u00ba 148-3\u00ba 1200-821 Lisboa.<\/p>    <\/div>\n<\/div>\n<!-- \/module text --><!-- module text -->\n<div  class=\"module module-text tb_3a9x518  repeat \" data-lazy=\"1\">\n        <div  class=\"tb_text_wrap\">\n    <h4><strong>Comunica\u00e7\u00f5es<\/strong><\/h4>\n<p>Qualquer comunica\u00e7\u00e3o relativa ao tratamento de dados pessoas dever\u00e1 ser dirigida \u00e0 Arquiconsult<br \/>atrav\u00e9s do e-mail: <a href=\"mailto:gdpr@arquiconsult.com\">gdpr@arquiconsult.com<\/a>.<\/p>\n<p><a href=\"https:\/\/eur-lex.europa.eu\/legal-content\/PT\/TXT\/PDF\/?uri=CELEX:32016R0679\" target=\"_blank\" rel=\"noopener\">Regulamento Europeu 2016\/679 disponivel neste Link\u00a0<\/a><\/p>    <\/div>\n<\/div>\n<!-- \/module text -->\t        <\/div>\n\t    \t<\/div>\n\t\t    <\/div>\n\t<\/div><!-- \/themify_builder_sub_row -->\n\t\t        <\/div>\n\t    \t<\/div>\n\t\t    <\/div>\n\t    <!-- \/row_inner -->\n\t<\/div>\n\t<!-- \/module_row -->\n\t<\/div>\n<!--\/themify_builder_content-->","protected":false},"excerpt":{"rendered":"<p>Pol\u00edtica de Privacidade e Prote\u00e7\u00e3o de Dados da Arquiconsult Pol\u00edtica de Privacidade e Prote\u00e7\u00e3o de Dados da Arquiconsult Pol\u00edtica de Privacidade e Prote\u00e7\u00e3o de Dados em conformidade com o RGPD Pol\u00edtica de Privacidade e Prote\u00e7\u00e3o de Dados em conformidade com o RGPD \u00c2mbito de aplica\u00e7\u00e3o A Pol\u00edtica de Privacidade e Prote\u00e7\u00e3o de Dados Pessoais destina-se [&hellip;]<\/p>\n","protected":false},"author":4,"featured_media":0,"parent":0,"menu_order":0,"comment_status":"closed","ping_status":"closed","template":"","meta":[],"acf":[],"_links":{"self":[{"href":"https:\/\/arquiconsult.com\/pt-br\/wp-json\/wp\/v2\/pages\/8362"}],"collection":[{"href":"https:\/\/arquiconsult.com\/pt-br\/wp-json\/wp\/v2\/pages"}],"about":[{"href":"https:\/\/arquiconsult.com\/pt-br\/wp-json\/wp\/v2\/types\/page"}],"author":[{"embeddable":true,"href":"https:\/\/arquiconsult.com\/pt-br\/wp-json\/wp\/v2\/users\/4"}],"replies":[{"embeddable":true,"href":"https:\/\/arquiconsult.com\/pt-br\/wp-json\/wp\/v2\/comments?post=8362"}],"version-history":[{"count":0,"href":"https:\/\/arquiconsult.com\/pt-br\/wp-json\/wp\/v2\/pages\/8362\/revisions"}],"wp:attachment":[{"href":"https:\/\/arquiconsult.com\/pt-br\/wp-json\/wp\/v2\/media?parent=8362"}],"curies":[{"name":"wp","href":"https:\/\/api.w.org\/{rel}","templated":true}]}}